{"id":3690,"date":"2017-02-21T23:33:35","date_gmt":"2017-02-21T22:33:35","guid":{"rendered":"https:\/\/www.marceljousse.com\/MAJ-2024\/una-breve-biografia\/"},"modified":"2017-02-21T23:33:35","modified_gmt":"2017-02-21T22:33:35","slug":"una-breve-biografia","status":"publish","type":"page","link":"https:\/\/www.marceljousse.com\/es\/una-breve-biografia\/","title":{"rendered":"Una breve biograf\u00eda"},"content":{"rendered":"<pre>Advertencia: Esta p\u00e1gina ha sido traducida autom\u00e1ticamente. Es muy posible que algunos t\u00e9rminos sean inadecuados, especialmente cuando son neologismos de Jousse. No dude en ponerse en contacto con el webmaster del sitio para comunicarle sus observaciones y posiblemente participar en la correcci\u00f3n de las traducciones. Gracias.<\/pre>\n<p><strong>En resumen, Marcel Jousse es :<\/strong><\/p>\n<ul>\n<li>Un ni\u00f1o que despierta a la conciencia, en un entorno campesino, en el regazo de una madre casi analfabeta dotada de una memoria sorprendente. Su madre recitaba, r\u00edtmica y oscilantemente, las tradiciones orales. La toma de conciencia de este balanceo materno inici\u00f3 al ni\u00f1o en los mecanismos antropol\u00f3gicos, que se pueden detectar principalmente en los ambientes donde predomina el estilo oral.<\/li>\n<\/ul>\n<p>&nbsp;<\/p>\n<ul>\n<li>\u00a0Un campesino que quedar\u00e1 marcado por la gran cultura oral de este entorno, en parte analfabeto.<\/li>\n<\/ul>\n<p>&nbsp;<\/p>\n<ul>\n<li>\u00a0Un escolar y luego universitario muy inteligente y curioso. Hizo brillantes estudios cl\u00e1sicos.A partir de los doce a\u00f1os inici\u00f3 el estudio del lat\u00edn y el griego por el m\u00e9todo de las ra\u00edces inspirado por el ling\u00fcista <a href=\"https:\/\/fr.wikipedia.org\/wiki\/Auguste-Fran%C3%A7ois_Maunoury\" target=\"_blank\" rel=\"noopener\">Maunoury<\/a>. Desde los 13 a\u00f1os se interes\u00f3 tambi\u00e9n por el hebreo y el arameo para aprender la lengua que hablaba Jes\u00fas. A los 15 a\u00f1os, primero de su clase, ya versificaba en griego y lat\u00edn.<br \/>\nTras el bachillerato, emprendi\u00f3 estudios superiores de matem\u00e1ticas con vistas a convertirse en astr\u00f3nomo. Luego, dejando \u00e9stas, se dedic\u00f3 a las humanidades.<\/li>\n<\/ul>\n<p>&nbsp;<\/p>\n<ul>\n<li>Un sacerdote, un jesuita. Ordenado sacerdote en 1912, entr\u00f3 en la Compa\u00f1\u00eda de Jes\u00fas en 1913. Luego fue a la guerra como oficial de artiller\u00eda. En 1917, fue enviado como instructor a Estados Unidos y permaneci\u00f3 en las reservas indias, cuyas expresiones gestuales estudi\u00f3.<\/li>\n<\/ul>\n<p>&nbsp;<\/p>\n<ul>\n<li>Un investigador. A su regreso a Par\u00eds, en 1919, emprendi\u00f3 estudios de fon\u00e9tica<br \/>\npsicolog\u00eda normal y patol\u00f3gica, y etnolog\u00eda. Confront\u00f3 sus investigaciones con los grandes maestros de la \u00e9poca, de los que fue alumno: el antrop\u00f3logo <a href=\"https:\/\/fr.wikipedia.org\/wiki\/Marcel_Mauss\" target=\"_blank\" rel=\"noopener\">Marcel Mauss<\/a>, el psic\u00f3logo <a href=\"https:\/\/fr.wikipedia.org\/wiki\/Pierre_Janet\" target=\"_blank\" rel=\"noopener\">Pierre Janet<\/a>, el m\u00e9dico y psic\u00f3logo <a href=\"https:\/\/fr.wikipedia.org\/wiki\/Georges_Dumas\" target=\"_blank\" rel=\"noopener\">Georges Dumas<\/a>, el creador de la fon\u00e9tica experimental <a href=\"https:\/\/fr.wikipedia.org\/wiki\/Jean-Pierre_Rousselot\" target=\"_blank\" rel=\"noopener\">Jean-Pierre Rousselot<\/a>.<br \/>\nEstos reconocieron en \u00e9l a un investigador excepcionalmente dotado. Y Marcel Jousse se convirti\u00f3 en el especialista en el estudio del estilo oral, el ritmo y el gesto.<\/li>\n<\/ul>\n<p>&nbsp;<\/p>\n<ul>\n<li>El iniciador de una nueva ciencia la &#8220;antropolog\u00eda del gesto&#8221;. Estudia la relaci\u00f3n del gesto con los mecanismos del conocimiento, la memoria y la expresi\u00f3n. Su investigaci\u00f3n se basa en el estudio de los entornos orales, que \u00e9l describe como entornos de &#8220;estilo oral&#8221;. Llev\u00f3 a cabo su investigaci\u00f3n a partir de su experiencia personal de una infancia vivida entre los campesinos de Sarthe, y a trav\u00e9s del estudio hist\u00f3rico y geogr\u00e1fico de diversos ambientes de estilo oral.<\/li>\n<\/ul>\n<p>&nbsp;<\/p>\n<ul>\n<li>Un profesor que imparte clases en varias sedes universitarias de Par\u00eds.<br \/>\nEn 1931, el profesor <a href=\"https:\/\/fr.wikipedia.org\/wiki\/Henri_Delacroix\" target=\"_blank\" rel=\"noopener\">Henri Delacroix<\/a>, decano de la Sorbona, le propuso a Marcel Jousse dar conferencias gratuitas en el anfiteatro Turgot de la Sorbona. All\u00ed ense\u00f1\u00f3 hasta 1957. En 1932 cre\u00f3 el Institut de Rythmo-p\u00e9dagogie con un grupo de antrop\u00f3logos, pedagogos y psiquiatras. El presidente era el Dr. <a href=\"https:\/\/fr.wikipedia.org\/wiki\/Joseph_Morlaas\" target=\"_blank\" rel=\"noopener\">Joseph Morl\u00e2as<\/a>. Este Instituto &#8220;pretende desarrollar, experimentar y perfeccionar constantemente una pedagog\u00eda viva basada en la psicofisiolog\u00eda del gesto, el lenguaje y el ritmo. Establece un v\u00ednculo indispensable entre el investigador y el profesional, entre el laboratorio y la escuela&#8221;.<br \/>\nEn 1932, Marcel Jousse fue nombrado catedr\u00e1tico de antropolog\u00eda ling\u00fc\u00edstica en la Escuela de Antropolog\u00eda de Par\u00eds. All\u00ed ense\u00f1\u00f3 hasta 1951.<br \/>\nEn 1933, el profesor <a href=\"https:\/\/fr.wikipedia.org\/wiki\/Maurice_Goguel\" target=\"_blank\" rel=\"noopener\">Maurice Goguel<\/a>, decano de la Facultad de Teolog\u00eda Protestante de Par\u00eds, hizo intervenir a Marcel Jousse como profesor libre en su curso sobre los or\u00edgenes del cristianismo en la \u00c9cole pratique des Hautes \u00c9tudes. Marcel Jousse ense\u00f1\u00f3 all\u00ed hasta 1945.<br \/>\nAdem\u00e1s, dos directores de guarder\u00eda le pidieron que actuara como psic\u00f3loga infantil en el Laboratorio de Ritmo-Pedagog\u00eda.<br \/>\nMarcel Jousse fue invitado a dar conferencias en la Universidad de Lovaina (B\u00e9lgica). Tambi\u00e9n fue invitado en enero de 1927 a dar una serie de conferencias en el Pontificio Instituto B\u00edblico de Roma. Estas conferencias fueron un gran \u00e9xito.<\/li>\n<\/ul>\n<p>&nbsp;<\/p>\n<ul>\n<li>Toda su vida Marcel Jousse ser\u00e1 un investigador y un profesional.<br \/>\nComo \u00e9l mismo dice: &#8220;b\u00e1sicamente siempre he sido el antrop\u00f3logo del gesto global y del ritmo vivo. Si tengo un recuerdo desconcertante es porque, en mi juventud, siempre daba ritmo a lo que aprend\u00eda.<\/li>\n<\/ul>\n<p>Dio sus \u00faltimas conferencias en la Sorbona en 1957. Sufr\u00eda una esclerosis cerebral que le quitaba progresivamente todas sus facultades.<br \/>\nEl profesor Marcel Jousse muri\u00f3 el 14 de agosto de 1961 en <a href=\"https:\/\/fr.wikipedia.org\/wiki\/Fresnay-sur-Sarthe\" target=\"_blank\" rel=\"noopener\">Fresnay-sur-Sarthe<\/a>, donde est\u00e1 enterrado.<\/p>\n","protected":false},"excerpt":{"rendered":"<p>Advertencia: Esta p\u00e1gina ha sido traducida autom\u00e1ticamente. Es muy posible que algunos t\u00e9rminos sean inadecuados, especialmente cuando son neologismos de Jousse. No dude en ponerse en contacto con el webmaster del sitio para comunicarle sus observaciones y posiblemente participar en la correcci\u00f3n de las traducciones. Gracias. En resumen, Marcel Jousse es : Un ni\u00f1o que [&hellip;]<\/p>\n","protected":false},"author":2,"featured_media":0,"parent":0,"menu_order":0,"comment_status":"closed","ping_status":"closed","template":"","meta":{"footnotes":""},"class_list":["post-3690","page","type-page","status-publish","hentry"],"_links":{"self":[{"href":"https:\/\/www.marceljousse.com\/es\/wp-json\/wp\/v2\/pages\/3690","targetHints":{"allow":["GET"]}}],"collection":[{"href":"https:\/\/www.marceljousse.com\/es\/wp-json\/wp\/v2\/pages"}],"about":[{"href":"https:\/\/www.marceljousse.com\/es\/wp-json\/wp\/v2\/types\/page"}],"author":[{"embeddable":true,"href":"https:\/\/www.marceljousse.com\/es\/wp-json\/wp\/v2\/users\/2"}],"replies":[{"embeddable":true,"href":"https:\/\/www.marceljousse.com\/es\/wp-json\/wp\/v2\/comments?post=3690"}],"version-history":[{"count":0,"href":"https:\/\/www.marceljousse.com\/es\/wp-json\/wp\/v2\/pages\/3690\/revisions"}],"wp:attachment":[{"href":"https:\/\/www.marceljousse.com\/es\/wp-json\/wp\/v2\/media?parent=3690"}],"curies":[{"name":"wp","href":"https:\/\/api.w.org\/{rel}","templated":true}]}}